{"id":5884,"date":"2023-10-03T11:30:58","date_gmt":"2023-10-03T09:30:58","guid":{"rendered":"https:\/\/www.leshivernales.be\/?post_type=danseur&#038;p=5884"},"modified":"2023-10-03T11:32:16","modified_gmt":"2023-10-03T09:32:16","slug":"elena-vostrotina-ballet-de-zurich-switzerland","status":"publish","type":"danseur","link":"https:\/\/www.leshivernales.be\/en\/dancer\/elena-vostrotina-ballet-de-zurich-switzerland\/","title":{"rendered":"Elena Vostrotina, Ballet de Zurich, Switzerland"},"content":{"rendered":"\n<div class=\"wp-block-columns is-layout-flex wp-container-core-columns-is-layout-9d6595d7 wp-block-columns-is-layout-flex\">\n<div class=\"wp-block-column is-layout-flow wp-block-column-is-layout-flow\">\n<p>N\u00e9e \u00e0 Saint Petersburg, Elena se forme \u00e0 la tr\u00e8s r\u00e9put\u00e9e,&nbsp;<a href=\"http:\/\/vaganovaacademy.com\/\"><strong>Vaganova Ballet Academy<\/strong><\/a>, et c\u2019est tout naturellement qu\u2019elle d\u00e9bute sa carri\u00e8re au&nbsp;<a href=\"http:\/\/www.kirov.com\/\"><strong>Ballet du Kirov<\/strong><\/a>&nbsp;dans la m\u00eame ville.<\/p>\n\n\n\n<p>En 2006, elle d\u00e9cide de rejoindre le&nbsp;<a href=\"http:\/\/www.semperoper.de\/\"><strong>Semperoper Ballet de Dresden<\/strong><\/a>&nbsp;en Allemagne. Engag\u00e9e comme deuxi\u00e8me soliste, elle grimpe vite les \u00e9chelons pour \u00eatre promue principale en 2011.<\/p>\n\n\n\n<p>Avide de changement, Elena rejoint le&nbsp;<a href=\"https:\/\/www.google.it\/url?sa=t&amp;rct=j&amp;q=&amp;esrc=s&amp;source=web&amp;cd=1&amp;cad=rja&amp;uact=8&amp;ved=0ahUKEwiqiaHE6frYAhXExqQKHfhsCJkQFgguMAA&amp;url=https%3A%2F%2Fwww.opernhaus.ch%2Fen%2Fhome%2Fballett-zuerich%2F&amp;usg=AOvVaw08EKWUTQn5hKYak4J_NAA7\" target=\"_blank\" rel=\"noreferrer noopener\"><strong>Ballet de Zurich<\/strong><\/a>&nbsp;en 2017 en tant qu&#8217;Etoile.<\/p>\n\n\n\n<p>Elle re\u00e7oit de nombreux prix comme&nbsp;<strong>\u00ab&nbsp;le Prix de l\u2019espoir de Russie&nbsp;\u00bb<\/strong>&nbsp;au&nbsp;<strong>Concours Vaganova<\/strong>&nbsp;en 2002, le prix de la&nbsp;<strong>\u00ab&nbsp;Meilleur actrice dramatique&nbsp;\u00bb<\/strong>&nbsp;pour la Bayad\u00e8re en 2009 et la critique lui remet le prix de&nbsp;<strong>\u00ab&nbsp;Outstanding Performance by a Female Artist&nbsp;\u00bb<\/strong>&nbsp;pour \u00ab&nbsp;The World According To Us&nbsp;\u00bb de David Dawson en 2009.<\/p>\n\n\n\n<p>Elle fait partie du \u00ab&nbsp;Giselle&nbsp;\u00bb de David Dawson produit par \u00ab&nbsp;Fritten Film&nbsp;\u00bb en 2008.<\/p>\n\n\n\n<p><strong>R\u00e9pertoire&nbsp;<\/strong>: Le Lac des Cygnes, La Belle au Bois Dormant, La Bayad\u00e8re, Casse-Noisette, Don Quichotte, Giselle, Grand Pas Classique, L\u2019Oiseau de Feu, Pas de Quatre, Paquita, Le Corsaire, La Valse, Les Quatre Temp\u00e9raments, Th\u00e8me et Variations, Jewels, In The Middle Somewhat Elevated, Enemy in Figure, The Second Detail, Artifact, Symphony n\u00b02, Voluntaries, A Million Kisses to my Skyn, Reverence, On The Nature of Daylight, No Thumb, Intimate Distance, Le Souffle de l\u2019Esprit, Unerreichbare Orte,&nbsp;She was black, Bella Figura, Les Noces, &#8230;<\/p>\n\n\n\n<p><strong>Nombreuses cr\u00e9ations<\/strong>&nbsp;: Odile\/Odette dans le Lac des Cygnes (A.S. Watkins)&nbsp;; Myrtha dans Giselle, Das Varschwundene| The Disappeared, The World According To Us (D.Dawson)&nbsp;; No Thumb (P.Touzeau)&nbsp;; Unintended Consequences (J.Budenicek)&nbsp;; Be\u2026ing (D.Zhu &amp; R.Martinez)&nbsp;; Kindheitstanz(M.Tucker)&nbsp;; New Suite (W.Forsythe)&nbsp;; Silent Spring (T.Couchman),&nbsp;Lady Capulet dans Rom\u00e9o et Juliette, Im anderen Raum (P.Lidberg), The lost diary (M.Tucker), &#8230;<\/p>\n<\/div>\n\n\n\n<div class=\"wp-block-column is-layout-flow wp-block-column-is-layout-flow\"><div class=\"wp-block-image\">\n<figure class=\"aligncenter\"><a href=\"https:\/\/leshivernales.be\/wp-content\/uploads\/2012\/06\/CR_20141115_0554.png\" data-rel=\"lightbox-gallery-I1K6fxkT\" data-rl_title=\"\" data-rl_caption=\"\"><img decoding=\"async\" width=\"900\" height=\"600\" data-src=\"https:\/\/leshivernales.be\/wp-content\/uploads\/2012\/06\/CR_20141115_0554.png\" alt=\"\" class=\"wp-image-1332 lazyload\" title=\"\" data-srcset=\"https:\/\/www.leshivernales.be\/wp-content\/uploads\/2012\/06\/CR_20141115_0554.png 900w, https:\/\/www.leshivernales.be\/wp-content\/uploads\/2012\/06\/CR_20141115_0554-500x333.png 500w, https:\/\/www.leshivernales.be\/wp-content\/uploads\/2012\/06\/CR_20141115_0554-768x512.png 768w\" data-sizes=\"(max-width: 900px) 100vw, 900px\" src=\"data:image\/svg+xml;base64,PHN2ZyB3aWR0aD0iMSIgaGVpZ2h0PSIxIiB4bWxucz0iaHR0cDovL3d3dy53My5vcmcvMjAwMC9zdmciPjwvc3ZnPg==\" style=\"--smush-placeholder-width: 900px; --smush-placeholder-aspect-ratio: 900\/600;\" \/><\/a><\/figure>\n<\/div><\/div>\n<\/div>\n","protected":false},"featured_media":2047,"template":"","annee":[129,133,135],"class_list":["post-5884","danseur","type-danseur","status-publish","has-post-thumbnail","hentry","annee-129","annee-133","annee-135"],"acf":[],"yoast_head":"<!-- This site is optimized with the Yoast SEO plugin v27.4 - https:\/\/yoast.com\/product\/yoast-seo-wordpress\/ -->\n<title>Elena Vostrotina, Ballet de Zurich, Switzerland - Les Hivernales de la Danse<\/title>\n<meta name=\"robots\" content=\"index, follow, max-snippet:-1, max-image-preview:large, max-video-preview:-1\" \/>\n<link rel=\"canonical\" href=\"https:\/\/www.leshivernales.be\/en\/dancer\/elena-vostrotina-ballet-de-zurich-switzerland\/\" \/>\n<meta property=\"og:locale\" content=\"en_US\" \/>\n<meta property=\"og:type\" content=\"article\" \/>\n<meta property=\"og:title\" content=\"Elena Vostrotina, Ballet de Zurich, Switzerland - Les Hivernales de la Danse\" \/>\n<meta property=\"og:description\" content=\"N\u00e9e \u00e0 Saint Petersburg, Elena se forme \u00e0 la tr\u00e8s r\u00e9put\u00e9e,&nbsp;Vaganova Ballet Academy, et c\u2019est tout naturellement qu\u2019elle (...)En savoir plus\" \/>\n<meta property=\"og:url\" content=\"https:\/\/www.leshivernales.be\/en\/dancer\/elena-vostrotina-ballet-de-zurich-switzerland\/\" \/>\n<meta property=\"og:site_name\" content=\"Les Hivernales de la Danse\" \/>\n<meta property=\"article:publisher\" content=\"https:\/\/www.facebook.com\/leshivernalesdeladanse\/\" \/>\n<meta property=\"article:modified_time\" content=\"2023-10-03T09:32:16+00:00\" \/>\n<meta property=\"og:image\" content=\"https:\/\/www.leshivernales.be\/wp-content\/uploads\/2012\/06\/Photo-Elena-Profil.jpg\" \/>\n\t<meta property=\"og:image:width\" content=\"1299\" \/>\n\t<meta property=\"og:image:height\" content=\"1800\" \/>\n\t<meta property=\"og:image:type\" content=\"image\/jpeg\" \/>\n<meta name=\"twitter:card\" content=\"summary_large_image\" \/>\n<script type=\"application\/ld+json\" class=\"yoast-schema-graph\">{\"@context\":\"https:\\\/\\\/schema.org\",\"@graph\":[{\"@type\":\"WebPage\",\"@id\":\"https:\\\/\\\/www.leshivernales.be\\\/en\\\/dancer\\\/elena-vostrotina-ballet-de-zurich-switzerland\\\/\",\"url\":\"https:\\\/\\\/www.leshivernales.be\\\/en\\\/dancer\\\/elena-vostrotina-ballet-de-zurich-switzerland\\\/\",\"name\":\"Elena Vostrotina, Ballet de Zurich, Switzerland - Les Hivernales de la Danse\",\"isPartOf\":{\"@id\":\"https:\\\/\\\/www.leshivernales.be\\\/en\\\/#website\"},\"primaryImageOfPage\":{\"@id\":\"https:\\\/\\\/www.leshivernales.be\\\/en\\\/dancer\\\/elena-vostrotina-ballet-de-zurich-switzerland\\\/#primaryimage\"},\"image\":{\"@id\":\"https:\\\/\\\/www.leshivernales.be\\\/en\\\/dancer\\\/elena-vostrotina-ballet-de-zurich-switzerland\\\/#primaryimage\"},\"thumbnailUrl\":\"https:\\\/\\\/www.leshivernales.be\\\/wp-content\\\/uploads\\\/2012\\\/06\\\/Photo-Elena-Profil.jpg\",\"datePublished\":\"2023-10-03T09:30:58+00:00\",\"dateModified\":\"2023-10-03T09:32:16+00:00\",\"breadcrumb\":{\"@id\":\"https:\\\/\\\/www.leshivernales.be\\\/en\\\/dancer\\\/elena-vostrotina-ballet-de-zurich-switzerland\\\/#breadcrumb\"},\"inLanguage\":\"en-US\",\"potentialAction\":[{\"@type\":\"ReadAction\",\"target\":[\"https:\\\/\\\/www.leshivernales.be\\\/en\\\/dancer\\\/elena-vostrotina-ballet-de-zurich-switzerland\\\/\"]}]},{\"@type\":\"ImageObject\",\"inLanguage\":\"en-US\",\"@id\":\"https:\\\/\\\/www.leshivernales.be\\\/en\\\/dancer\\\/elena-vostrotina-ballet-de-zurich-switzerland\\\/#primaryimage\",\"url\":\"https:\\\/\\\/www.leshivernales.be\\\/wp-content\\\/uploads\\\/2012\\\/06\\\/Photo-Elena-Profil.jpg\",\"contentUrl\":\"https:\\\/\\\/www.leshivernales.be\\\/wp-content\\\/uploads\\\/2012\\\/06\\\/Photo-Elena-Profil.jpg\",\"width\":1299,\"height\":1800},{\"@type\":\"BreadcrumbList\",\"@id\":\"https:\\\/\\\/www.leshivernales.be\\\/en\\\/dancer\\\/elena-vostrotina-ballet-de-zurich-switzerland\\\/#breadcrumb\",\"itemListElement\":[{\"@type\":\"ListItem\",\"position\":1,\"name\":\"Home\",\"item\":\"https:\\\/\\\/www.leshivernales.be\\\/en\\\/\"},{\"@type\":\"ListItem\",\"position\":2,\"name\":\"Elena Vostrotina, Ballet de Zurich, Switzerland\"}]},{\"@type\":\"WebSite\",\"@id\":\"https:\\\/\\\/www.leshivernales.be\\\/en\\\/#website\",\"url\":\"https:\\\/\\\/www.leshivernales.be\\\/en\\\/\",\"name\":\"Les Hivernales de la Danse\",\"description\":\"\",\"potentialAction\":[{\"@type\":\"SearchAction\",\"target\":{\"@type\":\"EntryPoint\",\"urlTemplate\":\"https:\\\/\\\/www.leshivernales.be\\\/en\\\/?s={search_term_string}\"},\"query-input\":{\"@type\":\"PropertyValueSpecification\",\"valueRequired\":true,\"valueName\":\"search_term_string\"}}],\"inLanguage\":\"en-US\"}]}<\/script>\n<!-- \/ Yoast SEO plugin. -->","yoast_head_json":{"title":"Elena Vostrotina, Ballet de Zurich, Switzerland - Les Hivernales de la Danse","robots":{"index":"index","follow":"follow","max-snippet":"max-snippet:-1","max-image-preview":"max-image-preview:large","max-video-preview":"max-video-preview:-1"},"canonical":"https:\/\/www.leshivernales.be\/en\/dancer\/elena-vostrotina-ballet-de-zurich-switzerland\/","og_locale":"en_US","og_type":"article","og_title":"Elena Vostrotina, Ballet de Zurich, Switzerland - Les Hivernales de la Danse","og_description":"N\u00e9e \u00e0 Saint Petersburg, Elena se forme \u00e0 la tr\u00e8s r\u00e9put\u00e9e,&nbsp;Vaganova Ballet Academy, et c\u2019est tout naturellement qu\u2019elle (...)En savoir plus","og_url":"https:\/\/www.leshivernales.be\/en\/dancer\/elena-vostrotina-ballet-de-zurich-switzerland\/","og_site_name":"Les Hivernales de la Danse","article_publisher":"https:\/\/www.facebook.com\/leshivernalesdeladanse\/","article_modified_time":"2023-10-03T09:32:16+00:00","og_image":[{"width":1299,"height":1800,"url":"https:\/\/www.leshivernales.be\/wp-content\/uploads\/2012\/06\/Photo-Elena-Profil.jpg","type":"image\/jpeg"}],"twitter_card":"summary_large_image","schema":{"@context":"https:\/\/schema.org","@graph":[{"@type":"WebPage","@id":"https:\/\/www.leshivernales.be\/en\/dancer\/elena-vostrotina-ballet-de-zurich-switzerland\/","url":"https:\/\/www.leshivernales.be\/en\/dancer\/elena-vostrotina-ballet-de-zurich-switzerland\/","name":"Elena Vostrotina, Ballet de Zurich, Switzerland - Les Hivernales de la Danse","isPartOf":{"@id":"https:\/\/www.leshivernales.be\/en\/#website"},"primaryImageOfPage":{"@id":"https:\/\/www.leshivernales.be\/en\/dancer\/elena-vostrotina-ballet-de-zurich-switzerland\/#primaryimage"},"image":{"@id":"https:\/\/www.leshivernales.be\/en\/dancer\/elena-vostrotina-ballet-de-zurich-switzerland\/#primaryimage"},"thumbnailUrl":"https:\/\/www.leshivernales.be\/wp-content\/uploads\/2012\/06\/Photo-Elena-Profil.jpg","datePublished":"2023-10-03T09:30:58+00:00","dateModified":"2023-10-03T09:32:16+00:00","breadcrumb":{"@id":"https:\/\/www.leshivernales.be\/en\/dancer\/elena-vostrotina-ballet-de-zurich-switzerland\/#breadcrumb"},"inLanguage":"en-US","potentialAction":[{"@type":"ReadAction","target":["https:\/\/www.leshivernales.be\/en\/dancer\/elena-vostrotina-ballet-de-zurich-switzerland\/"]}]},{"@type":"ImageObject","inLanguage":"en-US","@id":"https:\/\/www.leshivernales.be\/en\/dancer\/elena-vostrotina-ballet-de-zurich-switzerland\/#primaryimage","url":"https:\/\/www.leshivernales.be\/wp-content\/uploads\/2012\/06\/Photo-Elena-Profil.jpg","contentUrl":"https:\/\/www.leshivernales.be\/wp-content\/uploads\/2012\/06\/Photo-Elena-Profil.jpg","width":1299,"height":1800},{"@type":"BreadcrumbList","@id":"https:\/\/www.leshivernales.be\/en\/dancer\/elena-vostrotina-ballet-de-zurich-switzerland\/#breadcrumb","itemListElement":[{"@type":"ListItem","position":1,"name":"Home","item":"https:\/\/www.leshivernales.be\/en\/"},{"@type":"ListItem","position":2,"name":"Elena Vostrotina, Ballet de Zurich, Switzerland"}]},{"@type":"WebSite","@id":"https:\/\/www.leshivernales.be\/en\/#website","url":"https:\/\/www.leshivernales.be\/en\/","name":"Les Hivernales de la Danse","description":"","potentialAction":[{"@type":"SearchAction","target":{"@type":"EntryPoint","urlTemplate":"https:\/\/www.leshivernales.be\/en\/?s={search_term_string}"},"query-input":{"@type":"PropertyValueSpecification","valueRequired":true,"valueName":"search_term_string"}}],"inLanguage":"en-US"}]}},"_links":{"self":[{"href":"https:\/\/www.leshivernales.be\/en\/wp-json\/wp\/v2\/danseur\/5884","targetHints":{"allow":["GET"]}}],"collection":[{"href":"https:\/\/www.leshivernales.be\/en\/wp-json\/wp\/v2\/danseur"}],"about":[{"href":"https:\/\/www.leshivernales.be\/en\/wp-json\/wp\/v2\/types\/danseur"}],"wp:featuredmedia":[{"embeddable":true,"href":"https:\/\/www.leshivernales.be\/en\/wp-json\/wp\/v2\/media\/2047"}],"wp:attachment":[{"href":"https:\/\/www.leshivernales.be\/en\/wp-json\/wp\/v2\/media?parent=5884"}],"wp:term":[{"taxonomy":"annee","embeddable":true,"href":"https:\/\/www.leshivernales.be\/en\/wp-json\/wp\/v2\/annee?post=5884"}],"curies":[{"name":"wp","href":"https:\/\/api.w.org\/{rel}","templated":true}]}}