{"id":5914,"date":"2023-10-03T12:15:38","date_gmt":"2023-10-03T10:15:38","guid":{"rendered":"https:\/\/www.leshivernales.be\/?post_type=danseur&#038;p=5914"},"modified":"2023-10-03T12:15:38","modified_gmt":"2023-10-03T10:15:38","slug":"isaac-hernandez-ballet-national-damsterdam-netherlands","status":"publish","type":"danseur","link":"https:\/\/www.leshivernales.be\/en\/dancer\/isaac-hernandez-ballet-national-damsterdam-netherlands\/","title":{"rendered":"Isaac Hernandez, Ballet National d\u2019Amsterdam, Netherlands"},"content":{"rendered":"\n<div class=\"wp-block-columns is-layout-flex wp-container-core-columns-is-layout-9d6595d7 wp-block-columns-is-layout-flex\">\n<div class=\"wp-block-column is-layout-flow wp-block-column-is-layout-flow\">\n<p>Isaac est n\u00e9 \u00e0 Guadalajara au Mexique en avril 1990. Hector Hernandez, son papa, est son tout premier professeur et c\u2019est \u00e0 la <a href=\"http:\/\/www.therockschool.org\/\" target=\"_blank\" rel=\"noopener\"><strong>Philadelphia Rock School for Dance Education<\/strong><\/a> qu\u2019il poursuivra son apprentissage. Il se produit avec <a href=\"http:\/\/www.abt.org\/education\/abtII.asp\" target=\"_blank\" rel=\"noopener\"><strong>l\u2019American Ballet Theater II<\/strong><\/a>, avant de rejoindre le <a href=\"http:\/\/www.sfballet.org\/\" target=\"_blank\" rel=\"noopener\"><strong>San Francisco Ballet<\/strong><\/a>&nbsp;&nbsp;en 2008, o\u00f9 il sera promu soliste en janvier 2011. En 2012, il change de continent, et c\u2019est en tant que second soliste qu\u2019il s\u2019int\u00e8gre au <a href=\"http:\/\/www.operaballet.nl\/en\/ballet\/ballet\" target=\"_blank\" rel=\"noopener\"><strong>Ballet National d\u2019Amsterdam<\/strong><\/a>. A peine un an et demi plus tard, il rejoint le cercle tr\u00e8s ferm\u00e9 des <strong>Etoiles<\/strong>, vous pouvez d\u00e9couvrir la vid\u00e9o de sa nomination ci-dessous. <\/p>\n\n\n\n<p>Malgr\u00e9 son jeune \u00e2ge, Isaac a d\u00e9j\u00e0 dans\u00e9 de <strong>nombreux r\u00f4les<\/strong> comme Basilio dans le Don Quichotte d\u2019Alexei Ratmansky, le prince D\u00e9sir\u00e9 dans la Belle au Bois Dormant de Peter Wright, Oberon dans Mid Summer Night\u2019s Dream d\u2019 Ashton, Solor dans La Bayadere au Festival Nureyev, Romeo et Mercutio dans Rom\u00e9o et Juliette de Rudy Van Dantzig, Frank Bridge Variations et Dances with Harp de Hans Van Manen, Paquita, Raymonda de Nureyev, Emeraude, Agon, Serenade, Melancholic dans Four Temperaments, Divertimento No.15, Symphony in C and Franz dans Coppelia de George Balanchine, Lensky dans Onegin de John Cranko, Le pas de trois dans Le Lac des Cygnes de Tomasson, Le pas de cinq dans Giselle de Tomasson ainsi que Benvolio dans la production du San Francisco Ballet de Rom\u00e9o et Juliette, Le Prince dans Casse-Noisette de Tomasson&#8230; <strong>Son r\u00e9pertoire se compose \u00e9galement des r\u00f4les principaux<\/strong> dans Symphonic Variations de Ashton, Chroma de McGregor, Pas de Deux de Tchaikovsky, Manon de McMillan, Classical Symphony, Diving into the Lilacs et&nbsp;Fusion de Possokhov, Russian Seasons de Ratmansky, Cendrillon de Wheeldon,\u2026 <\/p>\n\n\n\n<p>En 2006, il remporte la M\u00e9daille d\u2019or au <a href=\"http:\/\/www.usaibc.com\/\" target=\"_blank\" rel=\"noopener\"><strong>Concours International de Jackson<\/strong><\/a>, la m\u00e9daille de bronze et un Prix sp\u00e9cial du Ballet du Kirov au <strong>Concours International de Moscou<\/strong> en 2005 et le premier Prix au <strong>Concours International de Cuba<\/strong> en 2004. <\/p>\n\n\n\n<p>Il est depuis peu, <strong>Ambassadeur des arts et du tourisme du Mexique<\/strong> dans le monde. Isaac est aussi le plus jeune artiste mexicain \u00e0 recevoir le <strong>\u00ab&nbsp;Outstanding Artist Award&nbsp;\u00bb<\/strong> de la part du <strong>Pr\u00e9sident Mexicain<\/strong> et il a \u00e9t\u00e9 nomm\u00e9 dans les 50 personnes les plus influen\u00e7ables au Mexique.&nbsp;<\/p>\n<\/div>\n\n\n\n<div class=\"wp-block-column is-layout-flow wp-block-column-is-layout-flow\">\n<figure class=\"wp-block-image\"><a href=\"http:\/\/leshivernales.be\/wp-content\/uploads\/2014\/05\/Isaac-Fernandez.jpg\" data-rel=\"lightbox-gallery-P0gitFd5\" data-rl_title=\"\" data-rl_caption=\"\" title=\"\"><img decoding=\"async\" width=\"500\" height=\"333\" data-src=\"http:\/\/leshivernales.be\/wp-content\/uploads\/2014\/05\/Isaac-Fernandez-500x333.jpg\" alt=\"Isaac Fernandez\" class=\"wp-image-811 lazyload\" data-srcset=\"https:\/\/www.leshivernales.be\/wp-content\/uploads\/2014\/05\/Isaac-Fernandez-500x333.jpg 500w, https:\/\/www.leshivernales.be\/wp-content\/uploads\/2014\/05\/Isaac-Fernandez-1024x682.jpg 1024w, https:\/\/www.leshivernales.be\/wp-content\/uploads\/2014\/05\/Isaac-Fernandez.jpg 1200w\" data-sizes=\"(max-width: 500px) 100vw, 500px\" src=\"data:image\/svg+xml;base64,PHN2ZyB3aWR0aD0iMSIgaGVpZ2h0PSIxIiB4bWxucz0iaHR0cDovL3d3dy53My5vcmcvMjAwMC9zdmciPjwvc3ZnPg==\" style=\"--smush-placeholder-width: 500px; --smush-placeholder-aspect-ratio: 500\/333;\" \/><\/a><\/figure>\n\n\n\n<figure class=\"wp-block-embed is-type-video is-provider-youtube wp-block-embed-youtube wp-embed-aspect-16-9 wp-has-aspect-ratio\"><div class=\"wp-block-embed__wrapper\">\n<div class=\"epyt-video-wrapper\"><div  id=\"_ytid_23159\"  width=\"800\" height=\"450\"  data-origwidth=\"800\" data-origheight=\"450\" data-facadesrc=\"https:\/\/www.youtube.com\/embed\/YmebEyxFqZw?enablejsapi=1&#038;autoplay=0&#038;cc_load_policy=0&#038;cc_lang_pref=&#038;iv_load_policy=1&#038;loop=0&#038;rel=1&#038;fs=1&#038;playsinline=0&#038;autohide=2&#038;theme=dark&#038;color=red&#038;controls=1&#038;disablekb=0&#038;\" class=\"__youtube_prefs__ epyt-facade epyt-is-override  no-lazyload\" data-epautoplay=\"1\" ><img decoding=\"async\" data-spai-excluded=\"true\" class=\"epyt-facade-poster skip-lazy\" loading=\"lazy\"  alt=\"YouTube player\"  src=\"https:\/\/i.ytimg.com\/vi\/YmebEyxFqZw\/maxresdefault.jpg\"  \/><button class=\"epyt-facade-play\" aria-label=\"Play\"><svg data-no-lazy=\"1\" height=\"100%\" version=\"1.1\" viewBox=\"0 0 68 48\" width=\"100%\"><path class=\"ytp-large-play-button-bg\" d=\"M66.52,7.74c-0.78-2.93-2.49-5.41-5.42-6.19C55.79,.13,34,0,34,0S12.21,.13,6.9,1.55 C3.97,2.33,2.27,4.81,1.48,7.74C0.06,13.05,0,24,0,24s0.06,10.95,1.48,16.26c0.78,2.93,2.49,5.41,5.42,6.19 C12.21,47.87,34,48,34,48s21.79-0.13,27.1-1.55c2.93-0.78,4.64-3.26,5.42-6.19C67.94,34.95,68,24,68,24S67.94,13.05,66.52,7.74z\" fill=\"#f00\"><\/path><path d=\"M 45,24 27,14 27,34\" fill=\"#fff\"><\/path><\/svg><\/button><\/div><\/div>\n<\/div><\/figure>\n<\/div>\n<\/div>\n\n\n\n<p><\/p>\n\n\n\n<p class=\"has-text-align-center\">&nbsp;<\/p>\n","protected":false},"featured_media":2301,"template":"","annee":[133],"class_list":["post-5914","danseur","type-danseur","status-publish","has-post-thumbnail","hentry","annee-133"],"acf":[],"yoast_head":"<!-- This site is optimized with the Yoast SEO plugin v27.4 - https:\/\/yoast.com\/product\/yoast-seo-wordpress\/ -->\n<title>Isaac Hernandez, Ballet National d\u2019Amsterdam, Netherlands - Les Hivernales de la Danse<\/title>\n<meta name=\"robots\" content=\"index, follow, max-snippet:-1, max-image-preview:large, max-video-preview:-1\" \/>\n<link rel=\"canonical\" href=\"https:\/\/www.leshivernales.be\/en\/dancer\/isaac-hernandez-ballet-national-damsterdam-netherlands\/\" \/>\n<meta property=\"og:locale\" content=\"en_US\" \/>\n<meta property=\"og:type\" content=\"article\" \/>\n<meta property=\"og:title\" content=\"Isaac Hernandez, Ballet National d\u2019Amsterdam, Netherlands - Les Hivernales de la Danse\" \/>\n<meta property=\"og:description\" content=\"Isaac est n\u00e9 \u00e0 Guadalajara au Mexique en avril 1990. Hector Hernandez, son papa, est son tout premier (...)En savoir plus\" \/>\n<meta property=\"og:url\" content=\"https:\/\/www.leshivernales.be\/en\/dancer\/isaac-hernandez-ballet-national-damsterdam-netherlands\/\" \/>\n<meta property=\"og:site_name\" content=\"Les Hivernales de la Danse\" \/>\n<meta property=\"article:publisher\" content=\"https:\/\/www.facebook.com\/leshivernalesdeladanse\/\" \/>\n<meta property=\"og:image\" content=\"https:\/\/www.leshivernales.be\/wp-content\/uploads\/2014\/05\/Isaac-Fernandez-portrait.jpg\" \/>\n\t<meta property=\"og:image:width\" content=\"400\" \/>\n\t<meta property=\"og:image:height\" content=\"400\" \/>\n\t<meta property=\"og:image:type\" content=\"image\/jpeg\" \/>\n<meta name=\"twitter:card\" content=\"summary_large_image\" \/>\n<script type=\"application\/ld+json\" class=\"yoast-schema-graph\">{\"@context\":\"https:\\\/\\\/schema.org\",\"@graph\":[{\"@type\":\"WebPage\",\"@id\":\"https:\\\/\\\/www.leshivernales.be\\\/en\\\/dancer\\\/isaac-hernandez-ballet-national-damsterdam-netherlands\\\/\",\"url\":\"https:\\\/\\\/www.leshivernales.be\\\/en\\\/dancer\\\/isaac-hernandez-ballet-national-damsterdam-netherlands\\\/\",\"name\":\"Isaac Hernandez, Ballet National d\u2019Amsterdam, Netherlands - Les Hivernales de la Danse\",\"isPartOf\":{\"@id\":\"https:\\\/\\\/www.leshivernales.be\\\/en\\\/#website\"},\"primaryImageOfPage\":{\"@id\":\"https:\\\/\\\/www.leshivernales.be\\\/en\\\/dancer\\\/isaac-hernandez-ballet-national-damsterdam-netherlands\\\/#primaryimage\"},\"image\":{\"@id\":\"https:\\\/\\\/www.leshivernales.be\\\/en\\\/dancer\\\/isaac-hernandez-ballet-national-damsterdam-netherlands\\\/#primaryimage\"},\"thumbnailUrl\":\"https:\\\/\\\/www.leshivernales.be\\\/wp-content\\\/uploads\\\/2014\\\/05\\\/Isaac-Fernandez-portrait.jpg\",\"datePublished\":\"2023-10-03T10:15:38+00:00\",\"breadcrumb\":{\"@id\":\"https:\\\/\\\/www.leshivernales.be\\\/en\\\/dancer\\\/isaac-hernandez-ballet-national-damsterdam-netherlands\\\/#breadcrumb\"},\"inLanguage\":\"en-US\",\"potentialAction\":[{\"@type\":\"ReadAction\",\"target\":[\"https:\\\/\\\/www.leshivernales.be\\\/en\\\/dancer\\\/isaac-hernandez-ballet-national-damsterdam-netherlands\\\/\"]}]},{\"@type\":\"ImageObject\",\"inLanguage\":\"en-US\",\"@id\":\"https:\\\/\\\/www.leshivernales.be\\\/en\\\/dancer\\\/isaac-hernandez-ballet-national-damsterdam-netherlands\\\/#primaryimage\",\"url\":\"https:\\\/\\\/www.leshivernales.be\\\/wp-content\\\/uploads\\\/2014\\\/05\\\/Isaac-Fernandez-portrait.jpg\",\"contentUrl\":\"https:\\\/\\\/www.leshivernales.be\\\/wp-content\\\/uploads\\\/2014\\\/05\\\/Isaac-Fernandez-portrait.jpg\",\"width\":400,\"height\":400},{\"@type\":\"BreadcrumbList\",\"@id\":\"https:\\\/\\\/www.leshivernales.be\\\/en\\\/dancer\\\/isaac-hernandez-ballet-national-damsterdam-netherlands\\\/#breadcrumb\",\"itemListElement\":[{\"@type\":\"ListItem\",\"position\":1,\"name\":\"Home\",\"item\":\"https:\\\/\\\/www.leshivernales.be\\\/en\\\/\"},{\"@type\":\"ListItem\",\"position\":2,\"name\":\"Isaac Hernandez, Ballet National d\u2019Amsterdam, Netherlands\"}]},{\"@type\":\"WebSite\",\"@id\":\"https:\\\/\\\/www.leshivernales.be\\\/en\\\/#website\",\"url\":\"https:\\\/\\\/www.leshivernales.be\\\/en\\\/\",\"name\":\"Les Hivernales de la Danse\",\"description\":\"\",\"potentialAction\":[{\"@type\":\"SearchAction\",\"target\":{\"@type\":\"EntryPoint\",\"urlTemplate\":\"https:\\\/\\\/www.leshivernales.be\\\/en\\\/?s={search_term_string}\"},\"query-input\":{\"@type\":\"PropertyValueSpecification\",\"valueRequired\":true,\"valueName\":\"search_term_string\"}}],\"inLanguage\":\"en-US\"}]}<\/script>\n<!-- \/ Yoast SEO plugin. -->","yoast_head_json":{"title":"Isaac Hernandez, Ballet National d\u2019Amsterdam, Netherlands - Les Hivernales de la Danse","robots":{"index":"index","follow":"follow","max-snippet":"max-snippet:-1","max-image-preview":"max-image-preview:large","max-video-preview":"max-video-preview:-1"},"canonical":"https:\/\/www.leshivernales.be\/en\/dancer\/isaac-hernandez-ballet-national-damsterdam-netherlands\/","og_locale":"en_US","og_type":"article","og_title":"Isaac Hernandez, Ballet National d\u2019Amsterdam, Netherlands - Les Hivernales de la Danse","og_description":"Isaac est n\u00e9 \u00e0 Guadalajara au Mexique en avril 1990. Hector Hernandez, son papa, est son tout premier (...)En savoir plus","og_url":"https:\/\/www.leshivernales.be\/en\/dancer\/isaac-hernandez-ballet-national-damsterdam-netherlands\/","og_site_name":"Les Hivernales de la Danse","article_publisher":"https:\/\/www.facebook.com\/leshivernalesdeladanse\/","og_image":[{"width":400,"height":400,"url":"https:\/\/www.leshivernales.be\/wp-content\/uploads\/2014\/05\/Isaac-Fernandez-portrait.jpg","type":"image\/jpeg"}],"twitter_card":"summary_large_image","schema":{"@context":"https:\/\/schema.org","@graph":[{"@type":"WebPage","@id":"https:\/\/www.leshivernales.be\/en\/dancer\/isaac-hernandez-ballet-national-damsterdam-netherlands\/","url":"https:\/\/www.leshivernales.be\/en\/dancer\/isaac-hernandez-ballet-national-damsterdam-netherlands\/","name":"Isaac Hernandez, Ballet National d\u2019Amsterdam, Netherlands - Les Hivernales de la Danse","isPartOf":{"@id":"https:\/\/www.leshivernales.be\/en\/#website"},"primaryImageOfPage":{"@id":"https:\/\/www.leshivernales.be\/en\/dancer\/isaac-hernandez-ballet-national-damsterdam-netherlands\/#primaryimage"},"image":{"@id":"https:\/\/www.leshivernales.be\/en\/dancer\/isaac-hernandez-ballet-national-damsterdam-netherlands\/#primaryimage"},"thumbnailUrl":"https:\/\/www.leshivernales.be\/wp-content\/uploads\/2014\/05\/Isaac-Fernandez-portrait.jpg","datePublished":"2023-10-03T10:15:38+00:00","breadcrumb":{"@id":"https:\/\/www.leshivernales.be\/en\/dancer\/isaac-hernandez-ballet-national-damsterdam-netherlands\/#breadcrumb"},"inLanguage":"en-US","potentialAction":[{"@type":"ReadAction","target":["https:\/\/www.leshivernales.be\/en\/dancer\/isaac-hernandez-ballet-national-damsterdam-netherlands\/"]}]},{"@type":"ImageObject","inLanguage":"en-US","@id":"https:\/\/www.leshivernales.be\/en\/dancer\/isaac-hernandez-ballet-national-damsterdam-netherlands\/#primaryimage","url":"https:\/\/www.leshivernales.be\/wp-content\/uploads\/2014\/05\/Isaac-Fernandez-portrait.jpg","contentUrl":"https:\/\/www.leshivernales.be\/wp-content\/uploads\/2014\/05\/Isaac-Fernandez-portrait.jpg","width":400,"height":400},{"@type":"BreadcrumbList","@id":"https:\/\/www.leshivernales.be\/en\/dancer\/isaac-hernandez-ballet-national-damsterdam-netherlands\/#breadcrumb","itemListElement":[{"@type":"ListItem","position":1,"name":"Home","item":"https:\/\/www.leshivernales.be\/en\/"},{"@type":"ListItem","position":2,"name":"Isaac Hernandez, Ballet National d\u2019Amsterdam, Netherlands"}]},{"@type":"WebSite","@id":"https:\/\/www.leshivernales.be\/en\/#website","url":"https:\/\/www.leshivernales.be\/en\/","name":"Les Hivernales de la Danse","description":"","potentialAction":[{"@type":"SearchAction","target":{"@type":"EntryPoint","urlTemplate":"https:\/\/www.leshivernales.be\/en\/?s={search_term_string}"},"query-input":{"@type":"PropertyValueSpecification","valueRequired":true,"valueName":"search_term_string"}}],"inLanguage":"en-US"}]}},"_links":{"self":[{"href":"https:\/\/www.leshivernales.be\/en\/wp-json\/wp\/v2\/danseur\/5914","targetHints":{"allow":["GET"]}}],"collection":[{"href":"https:\/\/www.leshivernales.be\/en\/wp-json\/wp\/v2\/danseur"}],"about":[{"href":"https:\/\/www.leshivernales.be\/en\/wp-json\/wp\/v2\/types\/danseur"}],"wp:featuredmedia":[{"embeddable":true,"href":"https:\/\/www.leshivernales.be\/en\/wp-json\/wp\/v2\/media\/2301"}],"wp:attachment":[{"href":"https:\/\/www.leshivernales.be\/en\/wp-json\/wp\/v2\/media?parent=5914"}],"wp:term":[{"taxonomy":"annee","embeddable":true,"href":"https:\/\/www.leshivernales.be\/en\/wp-json\/wp\/v2\/annee?post=5914"}],"curies":[{"name":"wp","href":"https:\/\/api.w.org\/{rel}","templated":true}]}}