{"id":5967,"date":"2023-10-03T14:43:06","date_gmt":"2023-10-03T12:43:06","guid":{"rendered":"https:\/\/www.leshivernales.be\/?post_type=danseur&#038;p=5967"},"modified":"2023-10-03T14:43:07","modified_gmt":"2023-10-03T12:43:07","slug":"petra-conti-boston-ballet-usa","status":"publish","type":"danseur","link":"https:\/\/www.leshivernales.be\/en\/dancer\/petra-conti-boston-ballet-usa\/","title":{"rendered":"Petra Conti, Boston Ballet, USA"},"content":{"rendered":"\n<div class=\"wp-block-columns is-layout-flex wp-container-core-columns-is-layout-9d6595d7 wp-block-columns-is-layout-flex\">\n<div class=\"wp-block-column is-layout-flow wp-block-column-is-layout-flow\">\n<p>N\u00e9e en Italie, Petra sort dipl\u00f4m\u00e9e de <strong>l\u2019Acad\u00e9mie Nationale de Danse de Rome <\/strong>en 2006 sous la houlette de Zarko Prebil. En 2007 elle se perfectionne au <strong><a href=\"http:\/\/www.mariinsky.ru\/en\/\" target=\"_blank\" rel=\"noopener\">Ballet du Th\u00e9\u00e2tre Mariinsky<\/a>&nbsp;<\/strong>\u00e0 Saint Petersbourg, pr\u00e9parant ses r\u00f4les avec Elvira Tarasova. <\/p>\n\n\n\n<p>Apr\u00e8s un passage \u00e9clair d\u2019une saison au <a href=\"http:\/\/www.bayerische.staatsoper.de\/867--~staatsballett~staatsballett_aktuell~aktuelles_ballett.html?l=en&amp;dom=dom2\" target=\"_blank\" rel=\"noopener\"><strong>Bavarian State Ballet de Munich<\/strong><\/a>, elle rejoint en 2009 le tr\u00e8s c\u00e9l\u00e8bre <strong><a href=\"http:\/\/www.teatroallascala.org\/en\/\" target=\"_blank\" rel=\"noopener\">Ballet de la Scala de Milan<\/a><\/strong>,&nbsp;interpr\u00e9tant tr\u00e8s vite la majorit\u00e9 des grands r\u00f4les. Il ne lui faudra que deux ans pour atteindre le grade tr\u00e8s convoit\u00e9 d\u2019<strong>Etoile<\/strong>. En octobre 2013, Petra s\u2019est expatri\u00e9e aux Etats-unis, rejoignant le <strong><a href=\"http:\/\/www.bostonballet.org\/\" target=\"_blank\" rel=\"noopener\">Boston Ballet<\/a><\/strong>&nbsp;en tant qu\u2019Etoile. <\/p>\n\n\n\n<p>Petra participe \u00e0 de nombreux Gala internationaux et a fait l\u2019objet d\u2019un documentaire pour la t\u00e9l\u00e9vision Sky Classical en 2010. &nbsp; <\/p>\n\n\n\n<p><strong><em>R\u00e9pertoire<\/em>&nbsp;: <\/strong>Giselle &#8211; Giselle (chor. Yvette Chauvir\u00e9)<strong>, <\/strong>Kitri &#8211; Don Quichotte (chor. Rudolf Nureyev)<strong>, <\/strong>Juliette &#8211; Romeo et Juliette (chor. Kenneth Macmillan)<strong>, <\/strong>Tatiana &#8211; Onegin (chor. John Cranko)<strong>, <\/strong>Jewels &#8211; Emeraude: II couple (chor. Balanchine)<strong>, <\/strong>Raymonda \u2013 Raymonda (chor. Petipa-Vicharev)<strong>, <\/strong>Clemence \u2013 Raymonda (chor. Petipa-Vicharev)<strong>, <\/strong>Civilization &#8211; Excelsior (chor. Dell&#8217;Ara)<strong>, <\/strong>Folgore &#8211; Excelsior (chor. Dell&#8217;Ara)<strong>, <\/strong>Titania &#8211; A Midsummer night dream (chor. Balanchine)<strong>, <\/strong>Albachiara &#8211; L&#8217;altra meta&#8217; del cielo (chor. Clarke, music Vasco Rossi)<strong>, <\/strong>Marguerite &#8211; Marguerite and Armand ( Frederick Ashton)<strong>, <\/strong>Principal Couple &#8211; Concerto DSCH (Alexei Ratmansky)<strong>, <\/strong>Juliette &#8211; Romeo et Juliette (Sasha Waltz)<strong>, <\/strong>Esmeralda &#8211; Notre-Dame de Paris (Roland Petit)<strong>, <\/strong>Odette\/Odile &#8211; Swan Lake (Rudolf Nureyev),\u2026 &nbsp; <\/p>\n\n\n\n<p><strong><i>Danseuse invit\u00e9e<\/i><\/strong><i>:<\/i><\/p>\n\n\n\n<ul class=\"wp-block-list\">\n<li>2007 Cendrillon &#8211; Arena di Verona (M.G.Garofoli)<\/li>\n\n\n\n<li>2007 Pas de Trois du &#8220;Lac des Cygnes&#8221; -conservatoire Rimsky- Korsakov,S.Petersburg (Petipa)<\/li>\n\n\n\n<li>2008 Giselle &#8211; Arena di Verona (M.G.Garofoli)<\/li>\n<\/ul>\n\n\n\n<p>&nbsp; <strong><i>Prix<\/i><\/strong>:<\/p>\n\n\n\n<ul class=\"wp-block-list\">\n<li>&#8220;Premio delle arti 2004&#8221;,<\/li>\n\n\n\n<li>&#8220;Premio Positano&#8221; Leonide Massine 2007,<\/li>\n\n\n\n<li>&nbsp;Premio &#8220;La Ginestra d&#8217;Oro&#8221; 2007.<\/li>\n\n\n\n<li>&#8220;Premio Danza &amp; Danza 2011&#8221; &#8211; as The Best Performer of the year,<\/li>\n\n\n\n<li>&#8220;Premio Roma In Danza 2012&#8221;,<\/li>\n\n\n\n<li>&#8220;Premio Danza Arenzano 2013&#8221;.<\/li>\n<\/ul>\n<\/div>\n\n\n\n<div class=\"wp-block-column is-layout-flow wp-block-column-is-layout-flow\"><div class=\"wp-block-image\">\n<figure class=\"aligncenter\"><a href=\"https:\/\/www.leshivernales.be\/wp-content\/uploads\/2013\/09\/Petra.jpg\" data-rel=\"lightbox-gallery-LfpuHeX5\" data-rl_title=\"\" data-rl_caption=\"\" title=\"\"><img decoding=\"async\" width=\"500\" height=\"337\" data-src=\"http:\/\/leshivernales.be\/wp-content\/uploads\/2013\/09\/Petra-500x337.jpg\" alt=\"Petra\" class=\"wp-image-666 lazyload\" data-srcset=\"https:\/\/www.leshivernales.be\/wp-content\/uploads\/2013\/09\/Petra-500x337.jpg 500w, https:\/\/www.leshivernales.be\/wp-content\/uploads\/2013\/09\/Petra-1024x691.jpg 1024w, https:\/\/www.leshivernales.be\/wp-content\/uploads\/2013\/09\/Petra.jpg 1200w\" data-sizes=\"(max-width: 500px) 100vw, 500px\" src=\"data:image\/svg+xml;base64,PHN2ZyB3aWR0aD0iMSIgaGVpZ2h0PSIxIiB4bWxucz0iaHR0cDovL3d3dy53My5vcmcvMjAwMC9zdmciPjwvc3ZnPg==\" style=\"--smush-placeholder-width: 500px; --smush-placeholder-aspect-ratio: 500\/337;\" \/><\/a><\/figure>\n<\/div><\/div>\n<\/div>\n","protected":false},"featured_media":2253,"template":"","annee":[134],"class_list":["post-5967","danseur","type-danseur","status-publish","has-post-thumbnail","hentry","annee-134"],"acf":[],"yoast_head":"<!-- This site is optimized with the Yoast SEO plugin v27.4 - https:\/\/yoast.com\/product\/yoast-seo-wordpress\/ -->\n<title>Petra Conti, Boston Ballet, USA - Les Hivernales de la Danse<\/title>\n<meta name=\"robots\" content=\"index, follow, max-snippet:-1, max-image-preview:large, max-video-preview:-1\" \/>\n<link rel=\"canonical\" href=\"https:\/\/www.leshivernales.be\/en\/dancer\/petra-conti-boston-ballet-usa\/\" \/>\n<meta property=\"og:locale\" content=\"en_US\" \/>\n<meta property=\"og:type\" content=\"article\" \/>\n<meta property=\"og:title\" content=\"Petra Conti, Boston Ballet, USA - Les Hivernales de la Danse\" \/>\n<meta property=\"og:description\" content=\"N\u00e9e en Italie, Petra sort dipl\u00f4m\u00e9e de l\u2019Acad\u00e9mie Nationale de Danse de Rome en 2006 sous la houlette (...)En savoir plus\" \/>\n<meta property=\"og:url\" content=\"https:\/\/www.leshivernales.be\/en\/dancer\/petra-conti-boston-ballet-usa\/\" \/>\n<meta property=\"og:site_name\" content=\"Les Hivernales de la Danse\" \/>\n<meta property=\"article:publisher\" content=\"https:\/\/www.facebook.com\/leshivernalesdeladanse\/\" \/>\n<meta property=\"article:modified_time\" content=\"2023-10-03T12:43:07+00:00\" \/>\n<meta property=\"og:image\" content=\"https:\/\/www.leshivernales.be\/wp-content\/uploads\/2013\/09\/profil-Petra.jpg\" \/>\n\t<meta property=\"og:image:width\" content=\"200\" \/>\n\t<meta property=\"og:image:height\" content=\"200\" \/>\n\t<meta property=\"og:image:type\" content=\"image\/jpeg\" \/>\n<meta name=\"twitter:card\" content=\"summary_large_image\" \/>\n<script type=\"application\/ld+json\" class=\"yoast-schema-graph\">{\"@context\":\"https:\\\/\\\/schema.org\",\"@graph\":[{\"@type\":\"WebPage\",\"@id\":\"https:\\\/\\\/www.leshivernales.be\\\/en\\\/dancer\\\/petra-conti-boston-ballet-usa\\\/\",\"url\":\"https:\\\/\\\/www.leshivernales.be\\\/en\\\/dancer\\\/petra-conti-boston-ballet-usa\\\/\",\"name\":\"Petra Conti, Boston Ballet, USA - Les Hivernales de la Danse\",\"isPartOf\":{\"@id\":\"https:\\\/\\\/www.leshivernales.be\\\/en\\\/#website\"},\"primaryImageOfPage\":{\"@id\":\"https:\\\/\\\/www.leshivernales.be\\\/en\\\/dancer\\\/petra-conti-boston-ballet-usa\\\/#primaryimage\"},\"image\":{\"@id\":\"https:\\\/\\\/www.leshivernales.be\\\/en\\\/dancer\\\/petra-conti-boston-ballet-usa\\\/#primaryimage\"},\"thumbnailUrl\":\"https:\\\/\\\/www.leshivernales.be\\\/wp-content\\\/uploads\\\/2013\\\/09\\\/profil-Petra.jpg\",\"datePublished\":\"2023-10-03T12:43:06+00:00\",\"dateModified\":\"2023-10-03T12:43:07+00:00\",\"breadcrumb\":{\"@id\":\"https:\\\/\\\/www.leshivernales.be\\\/en\\\/dancer\\\/petra-conti-boston-ballet-usa\\\/#breadcrumb\"},\"inLanguage\":\"en-US\",\"potentialAction\":[{\"@type\":\"ReadAction\",\"target\":[\"https:\\\/\\\/www.leshivernales.be\\\/en\\\/dancer\\\/petra-conti-boston-ballet-usa\\\/\"]}]},{\"@type\":\"ImageObject\",\"inLanguage\":\"en-US\",\"@id\":\"https:\\\/\\\/www.leshivernales.be\\\/en\\\/dancer\\\/petra-conti-boston-ballet-usa\\\/#primaryimage\",\"url\":\"https:\\\/\\\/www.leshivernales.be\\\/wp-content\\\/uploads\\\/2013\\\/09\\\/profil-Petra.jpg\",\"contentUrl\":\"https:\\\/\\\/www.leshivernales.be\\\/wp-content\\\/uploads\\\/2013\\\/09\\\/profil-Petra.jpg\",\"width\":200,\"height\":200},{\"@type\":\"BreadcrumbList\",\"@id\":\"https:\\\/\\\/www.leshivernales.be\\\/en\\\/dancer\\\/petra-conti-boston-ballet-usa\\\/#breadcrumb\",\"itemListElement\":[{\"@type\":\"ListItem\",\"position\":1,\"name\":\"Home\",\"item\":\"https:\\\/\\\/www.leshivernales.be\\\/en\\\/\"},{\"@type\":\"ListItem\",\"position\":2,\"name\":\"Petra Conti, Boston Ballet, USA\"}]},{\"@type\":\"WebSite\",\"@id\":\"https:\\\/\\\/www.leshivernales.be\\\/en\\\/#website\",\"url\":\"https:\\\/\\\/www.leshivernales.be\\\/en\\\/\",\"name\":\"Les Hivernales de la Danse\",\"description\":\"\",\"potentialAction\":[{\"@type\":\"SearchAction\",\"target\":{\"@type\":\"EntryPoint\",\"urlTemplate\":\"https:\\\/\\\/www.leshivernales.be\\\/en\\\/?s={search_term_string}\"},\"query-input\":{\"@type\":\"PropertyValueSpecification\",\"valueRequired\":true,\"valueName\":\"search_term_string\"}}],\"inLanguage\":\"en-US\"}]}<\/script>\n<!-- \/ Yoast SEO plugin. -->","yoast_head_json":{"title":"Petra Conti, Boston Ballet, USA - Les Hivernales de la Danse","robots":{"index":"index","follow":"follow","max-snippet":"max-snippet:-1","max-image-preview":"max-image-preview:large","max-video-preview":"max-video-preview:-1"},"canonical":"https:\/\/www.leshivernales.be\/en\/dancer\/petra-conti-boston-ballet-usa\/","og_locale":"en_US","og_type":"article","og_title":"Petra Conti, Boston Ballet, USA - Les Hivernales de la Danse","og_description":"N\u00e9e en Italie, Petra sort dipl\u00f4m\u00e9e de l\u2019Acad\u00e9mie Nationale de Danse de Rome en 2006 sous la houlette (...)En savoir plus","og_url":"https:\/\/www.leshivernales.be\/en\/dancer\/petra-conti-boston-ballet-usa\/","og_site_name":"Les Hivernales de la Danse","article_publisher":"https:\/\/www.facebook.com\/leshivernalesdeladanse\/","article_modified_time":"2023-10-03T12:43:07+00:00","og_image":[{"width":200,"height":200,"url":"https:\/\/www.leshivernales.be\/wp-content\/uploads\/2013\/09\/profil-Petra.jpg","type":"image\/jpeg"}],"twitter_card":"summary_large_image","schema":{"@context":"https:\/\/schema.org","@graph":[{"@type":"WebPage","@id":"https:\/\/www.leshivernales.be\/en\/dancer\/petra-conti-boston-ballet-usa\/","url":"https:\/\/www.leshivernales.be\/en\/dancer\/petra-conti-boston-ballet-usa\/","name":"Petra Conti, Boston Ballet, USA - Les Hivernales de la Danse","isPartOf":{"@id":"https:\/\/www.leshivernales.be\/en\/#website"},"primaryImageOfPage":{"@id":"https:\/\/www.leshivernales.be\/en\/dancer\/petra-conti-boston-ballet-usa\/#primaryimage"},"image":{"@id":"https:\/\/www.leshivernales.be\/en\/dancer\/petra-conti-boston-ballet-usa\/#primaryimage"},"thumbnailUrl":"https:\/\/www.leshivernales.be\/wp-content\/uploads\/2013\/09\/profil-Petra.jpg","datePublished":"2023-10-03T12:43:06+00:00","dateModified":"2023-10-03T12:43:07+00:00","breadcrumb":{"@id":"https:\/\/www.leshivernales.be\/en\/dancer\/petra-conti-boston-ballet-usa\/#breadcrumb"},"inLanguage":"en-US","potentialAction":[{"@type":"ReadAction","target":["https:\/\/www.leshivernales.be\/en\/dancer\/petra-conti-boston-ballet-usa\/"]}]},{"@type":"ImageObject","inLanguage":"en-US","@id":"https:\/\/www.leshivernales.be\/en\/dancer\/petra-conti-boston-ballet-usa\/#primaryimage","url":"https:\/\/www.leshivernales.be\/wp-content\/uploads\/2013\/09\/profil-Petra.jpg","contentUrl":"https:\/\/www.leshivernales.be\/wp-content\/uploads\/2013\/09\/profil-Petra.jpg","width":200,"height":200},{"@type":"BreadcrumbList","@id":"https:\/\/www.leshivernales.be\/en\/dancer\/petra-conti-boston-ballet-usa\/#breadcrumb","itemListElement":[{"@type":"ListItem","position":1,"name":"Home","item":"https:\/\/www.leshivernales.be\/en\/"},{"@type":"ListItem","position":2,"name":"Petra Conti, Boston Ballet, USA"}]},{"@type":"WebSite","@id":"https:\/\/www.leshivernales.be\/en\/#website","url":"https:\/\/www.leshivernales.be\/en\/","name":"Les Hivernales de la Danse","description":"","potentialAction":[{"@type":"SearchAction","target":{"@type":"EntryPoint","urlTemplate":"https:\/\/www.leshivernales.be\/en\/?s={search_term_string}"},"query-input":{"@type":"PropertyValueSpecification","valueRequired":true,"valueName":"search_term_string"}}],"inLanguage":"en-US"}]}},"_links":{"self":[{"href":"https:\/\/www.leshivernales.be\/en\/wp-json\/wp\/v2\/danseur\/5967","targetHints":{"allow":["GET"]}}],"collection":[{"href":"https:\/\/www.leshivernales.be\/en\/wp-json\/wp\/v2\/danseur"}],"about":[{"href":"https:\/\/www.leshivernales.be\/en\/wp-json\/wp\/v2\/types\/danseur"}],"wp:featuredmedia":[{"embeddable":true,"href":"https:\/\/www.leshivernales.be\/en\/wp-json\/wp\/v2\/media\/2253"}],"wp:attachment":[{"href":"https:\/\/www.leshivernales.be\/en\/wp-json\/wp\/v2\/media?parent=5967"}],"wp:term":[{"taxonomy":"annee","embeddable":true,"href":"https:\/\/www.leshivernales.be\/en\/wp-json\/wp\/v2\/annee?post=5967"}],"curies":[{"name":"wp","href":"https:\/\/api.w.org\/{rel}","templated":true}]}}